{"id":10175,"date":"2024-05-03T09:40:30","date_gmt":"2024-05-03T07:40:30","guid":{"rendered":"https:\/\/www.comaplex-plastique.fr\/habilidades-en-termoplasticos\/"},"modified":"2024-05-03T09:40:43","modified_gmt":"2024-05-03T07:40:43","slug":"habilidades-en-termoplasticos","status":"publish","type":"page","link":"https:\/\/www.comaplex-plastique.fr\/es\/habilidades-en-termoplasticos\/","title":{"rendered":"Habilidades en termopl\u00e1sticos"},"content":{"rendered":"<div class=\"wpb-content-wrapper\"><p>.[vc_row type=\u00bbvc_default\u00bb css=\u00bb.vc_custom_1498212582492{padding-bottom: 20px !important;}\u00bb][vc_column width=\u00bb1\/3&#8243; css=\u00bb.vc_custom_1498211177630{padding-bottom: 50px !important;}\u00bb]<style type=\"text\/css\" data-type=\"the7_shortcodes-inline-css\">.shortcode-single-image-wrap.shortcode-single-image-2b723a6a1311e585d123e5f560e30f64.enable-bg-rollover .rollover i,\n.shortcode-single-image-wrap.shortcode-single-image-2b723a6a1311e585d123e5f560e30f64.enable-bg-rollover .rollover-video i {\n  background: -webkit-linear-gradient();\n  background: linear-gradient();\n}\n.shortcode-single-image-wrap.shortcode-single-image-2b723a6a1311e585d123e5f560e30f64 .rollover-icon {\n  font-size: 32px;\n  color: #ffffff;\n  min-width: 44px;\n  min-height: 44px;\n  line-height: 44px;\n  border-radius: 100px;\n  border-style: solid;\n  border-width: 0px;\n}\n.dt-icon-bg-on.shortcode-single-image-wrap.shortcode-single-image-2b723a6a1311e585d123e5f560e30f64 .rollover-icon {\n  background: rgba(255,255,255,0.3);\n  box-shadow: none;\n}<\/style><div class=\"shortcode-single-image-wrap shortcode-single-image-2b723a6a1311e585d123e5f560e30f64 alignnone fadeIn animate-element  vc_custom_1711113969197 enable-bg-rollover dt-icon-bg-off\"  data-pretty-share=\"facebook,twitter,pinterest,linkedin,whatsapp\"><div class=\"shortcode-single-image\"><div class=\"fancy-media-wrap\" style=\"border-radius:250px;\"><a href=\"https:\/\/www.comaplex-plastique.fr\/competences\/usinage-plastique\/\" class=\" layzr-bg rollover\" style=\"border-radius:250px;\" aria-label=\"Image\"><img decoding=\"async\" class=\"preload-me lazy-load aspect\" src=\"data:image\/svg+xml,%3Csvg%20xmlns%3D&#39;http%3A%2F%2Fwww.w3.org%2F2000%2Fsvg&#39;%20viewBox%3D&#39;0%200%20220%20220&#39;%2F%3E\" data-src=\"https:\/\/www.comaplex-plastique.fr\/wp-content\/uploads\/2024\/03\/Vignette-Savoir-Faire.png\" data-srcset=\"https:\/\/www.comaplex-plastique.fr\/wp-content\/uploads\/2024\/03\/Vignette-Savoir-Faire.png 220w\" loading=\"eager\" style=\"--ratio: 220 \/ 220\" sizes=\"(max-width: 220px) 100vw, 220px\" width=\"220\" height=\"220\"  data-dt-location=\"https:\/\/www.comaplex-plastique.fr\/es\/competences\/vignette-savoir-faire\/\" alt=\"\" \/><\/a><\/div><\/div><\/div><span id=\"creative-link-wrap-5762\" class=\"ult_main_cl ult-adjust-bottom-margin  \" >\n\t \t\t\t<span class=\"  ult_crlink\" >\n\t\t\t\t\t<a  data-ultimate-target='#creative-link-wrap-5762 .ult_colorlink'  data-responsive-json-new='{\"font-size\":\"desktop:26px;\",\"line-height\":\"desktop:32px;\"}'  href=\"http:\/\/127.0.0.1\/comaplex\/competences\/usinage-plastique\/\"  class=\"ult_colorlink ult-responsive  vc_custom_1553598807300\" style=\"font-family:Open Sans Condensed;font-weight:700; \"  data-textcolor=\"#333333\" data-texthover=\"#ec1c24\"data-style=\"\">\n\t\t\t\t\t\t\n\t\t\t\t\t\t<span data-hover=\"Mecanizado de pl\u00e1sticos\" style=\"color:#333333;;;\" class=\"ult_btn10_span   \">Mecanizado de pl\u00e1sticos<\/span>\n\t\t\t\t\t\t\n\t\t\t\t\t<\/a>\n\t\t\t\t<\/span>\n\t\t\t<\/span>[vc_column_text css=\u00bb.vc_custom_1711108936215{margin-top: -40px !important;}\u00bb]<\/p>\n<p style=\"text-align: center;\">De la idea a la pieza, un \u00fanico socio:<\/p>\n<p style=\"text-align: center;\">Fabricaci\u00f3n de piezas mec\u00e1nicas termopl\u00e1sticas, mobiliario de laboratorio y centros de investigaci\u00f3n&#8230;<\/p>\n<p>[\/vc_column_text][\/vc_column][vc_column width=\u00bb1\/3&#8243; css=\u00bb.vc_custom_1498211173058{padding-bottom: 50px !important;}\u00bb]<style type=\"text\/css\" data-type=\"the7_shortcodes-inline-css\">.shortcode-single-image-wrap.shortcode-single-image-66c0c75bdbe38a0558a83b96fbc9da39.enable-bg-rollover .rollover i,\n.shortcode-single-image-wrap.shortcode-single-image-66c0c75bdbe38a0558a83b96fbc9da39.enable-bg-rollover .rollover-video i {\n  background: -webkit-linear-gradient();\n  background: linear-gradient();\n}\n.shortcode-single-image-wrap.shortcode-single-image-66c0c75bdbe38a0558a83b96fbc9da39 .rollover-icon {\n  font-size: 32px;\n  color: #ffffff;\n  min-width: 44px;\n  min-height: 44px;\n  line-height: 44px;\n  border-radius: 100px;\n  border-style: solid;\n  border-width: 0px;\n}\n.dt-icon-bg-on.shortcode-single-image-wrap.shortcode-single-image-66c0c75bdbe38a0558a83b96fbc9da39 .rollover-icon {\n  background: rgba(255,255,255,0.3);\n  box-shadow: none;\n}<\/style><div class=\"shortcode-single-image-wrap shortcode-single-image-66c0c75bdbe38a0558a83b96fbc9da39 alignnone fadeIn animate-element  vc_custom_1711114225269 enable-bg-rollover dt-icon-bg-off\"  data-pretty-share=\"facebook,twitter,pinterest,linkedin,whatsapp\"><div class=\"shortcode-single-image\"><div class=\"fancy-media-wrap\" style=\"border-radius:250px;\"><a href=\"https:\/\/www.comaplex-plastique.fr\/competences\/chaudronnerie-plastique\/\" class=\" layzr-bg rollover\" style=\"border-radius:250px;\" aria-label=\"Image\"><img decoding=\"async\" class=\"preload-me lazy-load aspect\" src=\"data:image\/svg+xml,%3Csvg%20xmlns%3D&#39;http%3A%2F%2Fwww.w3.org%2F2000%2Fsvg&#39;%20viewBox%3D&#39;0%200%20220%20220&#39;%2F%3E\" data-src=\"https:\/\/www.comaplex-plastique.fr\/wp-content\/uploads\/2024\/03\/Vignette-Savoir-Faire-Chaudronnerie-1.png\" data-srcset=\"https:\/\/www.comaplex-plastique.fr\/wp-content\/uploads\/2024\/03\/Vignette-Savoir-Faire-Chaudronnerie-1.png 220w\" loading=\"eager\" style=\"--ratio: 220 \/ 220\" sizes=\"(max-width: 220px) 100vw, 220px\" width=\"220\" height=\"220\"  data-dt-location=\"https:\/\/www.comaplex-plastique.fr\/es\/competences\/vignette-savoir-faire-chaudronnerie-2\/\" alt=\"\" \/><\/a><\/div><\/div><\/div><span id=\"creative-link-wrap-3548\" class=\"ult_main_cl ult-adjust-bottom-margin  \" >\n\t \t\t\t<span class=\"  ult_crlink\" >\n\t\t\t\t\t<a  data-ultimate-target='#creative-link-wrap-3548 .ult_colorlink'  data-responsive-json-new='{\"font-size\":\"desktop:26px;\",\"line-height\":\"desktop:32px;\"}'  href=\"http:\/\/127.0.0.1\/comaplex\/competences\/chaudronnerie-plastique\/\"  class=\"ult_colorlink ult-responsive  vc_custom_1553598868297\" style=\"font-family:Open Sans Condensed;font-weight:700; \"  data-textcolor=\"#333333\" data-texthover=\"#ec1c24\"data-style=\"\">\n\t\t\t\t\t\t\n\t\t\t\t\t\t<span data-hover=\"Calderer\u00eda de pl\u00e1stico\" style=\"color:#333333;;;\" class=\"ult_btn10_span   \">Calderer\u00eda de pl\u00e1stico<\/span>\n\t\t\t\t\t\t\n\t\t\t\t\t<\/a>\n\t\t\t\t<\/span>\n\t\t\t<\/span>[vc_column_text css=\u00bb.vc_custom_1553598890366{margin-top: -40px !important;}\u00bb]<\/p>\n<p style=\"text-align: center;\">Dise\u00f1o y producci\u00f3n de soluciones industriales termopl\u00e1sticas personalizadas, estructuras de chapa de pl\u00e1stico, pilotos industriales, etc.<\/p>\n<p>&nbsp;[\/vc_column_text][\/vc_column][vc_column width=\u00bb1\/3&#8243;]<style type=\"text\/css\" data-type=\"the7_shortcodes-inline-css\">.shortcode-single-image-wrap.shortcode-single-image-451544bc4c3c57c0ab3750222205a31b.enable-bg-rollover .rollover i,\n.shortcode-single-image-wrap.shortcode-single-image-451544bc4c3c57c0ab3750222205a31b.enable-bg-rollover .rollover-video i {\n  background: -webkit-linear-gradient();\n  background: linear-gradient();\n}\n.shortcode-single-image-wrap.shortcode-single-image-451544bc4c3c57c0ab3750222205a31b .rollover-icon {\n  font-size: 32px;\n  color: #ffffff;\n  min-width: 44px;\n  min-height: 44px;\n  line-height: 44px;\n  border-radius: 100px;\n  border-style: solid;\n  border-width: 0px;\n}\n.dt-icon-bg-on.shortcode-single-image-wrap.shortcode-single-image-451544bc4c3c57c0ab3750222205a31b .rollover-icon {\n  background: rgba(255,255,255,0.3);\n  box-shadow: none;\n}<\/style><div class=\"shortcode-single-image-wrap shortcode-single-image-451544bc4c3c57c0ab3750222205a31b alignnone fadeIn animate-element  vc_custom_1711114276597 enable-bg-rollover dt-icon-bg-off\"  data-pretty-share=\"facebook,twitter,pinterest,linkedin,whatsapp\"><div class=\"shortcode-single-image\"><div class=\"fancy-media-wrap\" style=\"border-radius:250px;\"><a href=\"https:\/\/www.comaplex-plastique.fr\/competences\/thermoformage\/\" class=\" layzr-bg rollover\" style=\"border-radius:250px;\" aria-label=\"Image\"><img decoding=\"async\" class=\"preload-me lazy-load aspect\" src=\"data:image\/svg+xml,%3Csvg%20xmlns%3D&#39;http%3A%2F%2Fwww.w3.org%2F2000%2Fsvg&#39;%20viewBox%3D&#39;0%200%20220%20220&#39;%2F%3E\" data-src=\"https:\/\/www.comaplex-plastique.fr\/wp-content\/uploads\/2024\/03\/Vignette-Savoir-Faire-Thermo.png\" data-srcset=\"https:\/\/www.comaplex-plastique.fr\/wp-content\/uploads\/2024\/03\/Vignette-Savoir-Faire-Thermo.png 220w\" loading=\"eager\" style=\"--ratio: 220 \/ 220\" sizes=\"(max-width: 220px) 100vw, 220px\" width=\"220\" height=\"220\"  data-dt-location=\"https:\/\/www.comaplex-plastique.fr\/es\/competences\/vignette-savoir-faire-thermo\/\" alt=\"\" \/><\/a><\/div><\/div><\/div><span id=\"creative-link-wrap-1679\" class=\"ult_main_cl ult-adjust-bottom-margin  \" >\n\t \t\t\t<span class=\"  ult_crlink\" >\n\t\t\t\t\t<a  data-ultimate-target='#creative-link-wrap-1679 .ult_colorlink'  data-responsive-json-new='{\"font-size\":\"desktop:26px;\",\"line-height\":\"desktop:32px;\"}'  href=\"https:\/\/www.comaplex-plastique.fr\/competences\/thermoformage\/\" title=\"Thermoformage\"  class=\"ult_colorlink ult-responsive  vc_custom_1711091552937\" style=\"font-family:Open Sans Condensed;font-weight:700; \"  data-textcolor=\"#333333\" data-texthover=\"#ec1c24\"data-style=\"\">\n\t\t\t\t\t\t\n\t\t\t\t\t\t<span data-hover=\"Termoformado\" style=\"color:#333333;;;\" class=\"ult_btn10_span   \">Termoformado<\/span>\n\t\t\t\t\t\t\n\t\t\t\t\t<\/a>\n\t\t\t\t<\/span>\n\t\t\t<\/span>[vc_column_text css=\u00bb.vc_custom_1711091611294{margin-top: -40px !important;}\u00bb]<\/p>\n<p style=\"text-align: center;\">Soluciones adaptadas a todos sus proyectos de moldeado t\u00e9rmico y termoformado de piezas de pl\u00e1stico, gracias a equipos innovadores y de alto rendimiento.<\/p>\n<p>&nbsp;[\/vc_column_text][\/vc_column][\/vc_row][vc_row full_width=\u00bbstretch_row_content\u00bb type=\u00bbvc_default\u00bb css=\u00bb.vc_custom_1711109147111{padding-top: 60px !important;padding-bottom: 70px !important;background-image: url(https:\/\/www.comaplex-plastique.fr\/wp-content\/uploads\/2024\/03\/BG-Grey2024-scaled.jpg?id=9457) !important;background-position: center !important;background-repeat: no-repeat !important;background-size: cover !important;}\u00bb][vc_column]<div id=\"ultimate-heading-152369f3a15b3b3f7\" class=\"uvc-heading ult-adjust-bottom-margin ultimate-heading-152369f3a15b3b3f7 uvc-4921 accent-title-color\" data-hspacer=\"no_spacer\"  data-halign=\"center\" style=\"text-align:center\"><div class=\"uvc-heading-spacer no_spacer\" style=\"top\"><\/div><div class=\"uvc-main-heading ult-responsive\"  data-ultimate-target='.uvc-heading.ultimate-heading-152369f3a15b3b3f7 h2'  data-responsive-json-new='{\"font-size\":\"desktop:40px;tablet_portrait:20px;\",\"line-height\":\"desktop:46px;tablet_portrait:26px;\"}' ><h2 style=\"font-family:&#039;Open Sans Condensed&#039;;font-weight:700;margin-bottom:10px;\">\u00bfUN PROYECTO?<\/h2><\/div><div class=\"uvc-sub-heading ult-responsive\"  data-ultimate-target='.uvc-heading.ultimate-heading-152369f3a15b3b3f7 .uvc-sub-heading '  data-responsive-json-new='{\"font-size\":\"desktop:70px;tablet_portrait:40px;\",\"line-height\":\"desktop:76px;tablet_portrait:46px;\"}'  style=\"font-family:&#039;Open Sans Condensed&#039;;font-weight:700;color:#ffffff;\">CONT\u00c1CTENOS<\/div><\/div><style type=\"text\/css\" data-type=\"the7_shortcodes-inline-css\">#default-btn-e8496dd30804508c9b07d00479ade378.ico-right-side > i {\n  margin-right: 0px;\n  margin-left: 8px;\n}\n#default-btn-e8496dd30804508c9b07d00479ade378 > i {\n  margin-right: 8px;\n}<\/style><div class=\"btn-align-center\"><a href=\"https:\/\/www.comaplex-plastique.fr\/contact\/\" class=\"default-btn-shortcode dt-btn dt-btn-l link-hover-off  vc_custom_1558362040887\" id=\"default-btn-e8496dd30804508c9b07d00479ade378\" style=\"width:400px;\" title=\"Contact\"><span>FORMULAIRE EN LIGNE<\/span><\/a><\/div>[\/vc_column][\/vc_row][vc_row full_width=\u00bbstretch_row_content\u00bb content_placement=\u00bbmiddle\u00bb type=\u00bbvc_default\u00bb margin_top=\u00bb60&#8243; margin_bottom=\u00bb-40&#8243; css=\u00bb.vc_custom_1711107587527{padding-top: 30px !important;padding-bottom: 30px !important;background-position: center !important;background-repeat: no-repeat !important;background-size: cover !important;}\u00bb][vc_column][vc_separator color=\u00bbjuicy_pink\u00bb style=\u00bbdouble\u00bb border_width=\u00bb2&#8243; css=\u00bb.vc_custom_1711107079562{padding-bottom: 20px !important;}\u00bb]<div id=\"ultimate-heading-478369f3a15b3b55a\" class=\"uvc-heading ult-adjust-bottom-margin ultimate-heading-478369f3a15b3b55a uvc-2397 accent-border-color\" data-hspacer=\"no_spacer\"  data-halign=\"center\" style=\"text-align:center\"><div class=\"uvc-heading-spacer no_spacer\" style=\"top\"><\/div><div class=\"uvc-main-heading ult-responsive\"  data-ultimate-target='.uvc-heading.ultimate-heading-478369f3a15b3b55a h1'  data-responsive-json-new='{\"font-size\":\"desktop:40px;\",\"line-height\":\"desktop:46px;\"}' ><h1 style=\"font-weight:bold;\">Los actores del grupo<\/h1><\/div><div class=\"uvc-sub-heading ult-responsive\"  data-ultimate-target='.uvc-heading.ultimate-heading-478369f3a15b3b55a .uvc-sub-heading '  data-responsive-json-new='{\"font-size\":\"\",\"line-height\":\"\"}'  style=\"font-weight:normal;\"><img loading=\"lazy\" decoding=\"async\" class=\"aligncenter wp-image-8826\" src=\"https:\/\/www.comaplex-plastique.fr\/wp-content\/uploads\/2024\/03\/COMAPLEX-SEUL-EdgeLess-300x79.png\" alt=\"\" width=\"200\" height=\"53\" srcset=\"https:\/\/www.comaplex-plastique.fr\/wp-content\/uploads\/2024\/03\/COMAPLEX-SEUL-EdgeLess-300x79.png 300w, https:\/\/www.comaplex-plastique.fr\/wp-content\/uploads\/2024\/03\/COMAPLEX-SEUL-EdgeLess-1024x270.png 1024w, https:\/\/www.comaplex-plastique.fr\/wp-content\/uploads\/2024\/03\/COMAPLEX-SEUL-EdgeLess-768x202.png 768w, https:\/\/www.comaplex-plastique.fr\/wp-content\/uploads\/2024\/03\/COMAPLEX-SEUL-EdgeLess-1536x405.png 1536w, https:\/\/www.comaplex-plastique.fr\/wp-content\/uploads\/2024\/03\/COMAPLEX-SEUL-EdgeLess.png 1587w\" sizes=\"auto, (max-width: 200px) 100vw, 200px\" \/><\/p>\n<h2 style=\"text-align: center;\">4 Marcas\u00a0 \u00a0 \u00a0&#8211;\u00a0 \u00a0 \u00a04 \u00c1mbitos altamente competitivos<\/h2>\n<p>&nbsp;<\/div><\/div>[vc_separator color=\u00bbjuicy_pink\u00bb style=\u00bbdouble\u00bb border_width=\u00bb2&#8243; el_width=\u00bb80&#8243;][\/vc_column][\/vc_row][vc_row full_width=\u00bbstretch_row_content\u00bb bg_type=\u00bbimage\u00bb][vc_column width=\u00bb1\/4&#8243;]<style type=\"text\/css\" data-type=\"the7_shortcodes-inline-css\">.shortcode-single-image-wrap.shortcode-single-image-7aa96bcd87fb9351faa2b82d32a707f3.enable-bg-rollover .rollover i,\n.shortcode-single-image-wrap.shortcode-single-image-7aa96bcd87fb9351faa2b82d32a707f3.enable-bg-rollover .rollover-video i {\n  background: -webkit-linear-gradient();\n  background: linear-gradient();\n}\n.shortcode-single-image-wrap.shortcode-single-image-7aa96bcd87fb9351faa2b82d32a707f3 .rollover-icon {\n  font-size: 32px;\n  color: #ffffff;\n  min-width: 44px;\n  min-height: 44px;\n  line-height: 44px;\n  border-radius: 100px;\n  border-style: solid;\n  border-width: 0px;\n}\n.dt-icon-bg-on.shortcode-single-image-wrap.shortcode-single-image-7aa96bcd87fb9351faa2b82d32a707f3 .rollover-icon {\n  background: rgba(255,255,255,0.3);\n  box-shadow: none;\n}<\/style><div class=\"shortcode-single-image-wrap shortcode-single-image-7aa96bcd87fb9351faa2b82d32a707f3 alignnone zoomInUp animate-element  vc_custom_1711107300124 disable-bg-rollover dt-icon-bg-off\"  data-pretty-share=\"facebook,twitter,pinterest,linkedin,whatsapp\"><div class=\"shortcode-single-image\"><div class=\"fancy-media-wrap\" style=\"\"><a href=\"https:\/\/www.flexigard.fr\/\" class=\" layzr-bg rollover\" style=\"\" target=\"_blank\" rel=\"noopener\" aria-label=\"Image\"><img decoding=\"async\" class=\"preload-me lazy-load aspect\" src=\"data:image\/svg+xml,%3Csvg%20xmlns%3D&#39;http%3A%2F%2Fwww.w3.org%2F2000%2Fsvg&#39;%20viewBox%3D&#39;0%200%20360%20127&#39;%2F%3E\" data-src=\"https:\/\/www.comaplex-plastique.fr\/wp-content\/uploads\/2023\/12\/Flexi-Mini-1.png\" data-srcset=\"https:\/\/www.comaplex-plastique.fr\/wp-content\/uploads\/2023\/12\/Flexi-Mini-1.png 360w\" loading=\"eager\" style=\"--ratio: 360 \/ 127\" sizes=\"(max-width: 360px) 100vw, 360px\" width=\"360\" height=\"127\"  data-dt-location=\"https:\/\/www.comaplex-plastique.fr\/es\/accueil-comaplex-usinage-plastique\/flexi-mini\/\" alt=\"Flexigard\u00ae By Comaplex Plastiques\" \/><\/a><\/div><\/div><\/div><span id=\"creative-link-wrap-9928\" class=\"ult_main_cl ult-adjust-bottom-margin  \" >\n\t \t\t\t<span class=\"  ult_crlink\" >\n\t\t\t\t\t<a data-ultimate-target=\"#creative-link-wrap-9928 .ult_colorlink\" data-responsive-json-new=\"{&quot;font-size&quot;:&quot;desktop:26px;&quot;,&quot;line-height&quot;:&quot;desktop:32px;&quot;}\" href=\"https:\/\/www.flexigard.fr\/\" target=\"_blank\" rel=\"noopener\" class=\"ult_colorlink ult-responsive  vc_custom_1709297725462\" style=\"font-family:Open Sans Condensed;font-weight:700; \" data-textcolor=\"#333333\" data-texthover=\"#ec1c24\" data-style=\"\">\n\t\t\t\t\t\t\n\t\t\t\t\t\t<span data-hover=\"Vidrios de seguridad Flexigard\u00ae\" style=\"color:#333333;;;\" class=\"ult_btn10_span   \">Vidrios de seguridad Flexigard\u00ae<\/span>\n\t\t\t\t\t\t\n\t\t\t\t\t<\/a>\n\t\t\t\t<\/span>\n\t\t\t<\/span>[vc_column_text css=\u00bb.vc_custom_1564749546266{margin-top: -40px !important;}\u00bb]Una marca francesa desarrollada y registrada &#8211; Fabricaci\u00f3n de cristales protectores en policarbonato.[\/vc_column_text][\/vc_column][vc_column width=\u00bb1\/4&#8243;]<style type=\"text\/css\" data-type=\"the7_shortcodes-inline-css\">.shortcode-single-image-wrap.shortcode-single-image-3e77955cd0970ad090c1a5d60a8e450b.enable-bg-rollover .rollover i,\n.shortcode-single-image-wrap.shortcode-single-image-3e77955cd0970ad090c1a5d60a8e450b.enable-bg-rollover .rollover-video i {\n  background: -webkit-linear-gradient();\n  background: linear-gradient();\n}\n.shortcode-single-image-wrap.shortcode-single-image-3e77955cd0970ad090c1a5d60a8e450b .rollover-icon {\n  font-size: 32px;\n  color: #ffffff;\n  min-width: 44px;\n  min-height: 44px;\n  line-height: 44px;\n  border-radius: 100px;\n  border-style: solid;\n  border-width: 0px;\n}\n.dt-icon-bg-on.shortcode-single-image-wrap.shortcode-single-image-3e77955cd0970ad090c1a5d60a8e450b .rollover-icon {\n  background: rgba(255,255,255,0.3);\n  box-shadow: none;\n}<\/style><div class=\"shortcode-single-image-wrap shortcode-single-image-3e77955cd0970ad090c1a5d60a8e450b alignnone zoomInUp animate-element  vc_custom_1711107349159 disable-bg-rollover dt-icon-bg-off\"  data-pretty-share=\"facebook,twitter,pinterest,linkedin,whatsapp\"><div class=\"shortcode-single-image\"><div class=\"fancy-media-wrap\" style=\"\"><a href=\"\" class=\" layzr-bg rollover\" style=\"\" target=\"_blank\" rel=\"noopener\" aria-label=\"Image\"><img decoding=\"async\" class=\"preload-me lazy-load aspect\" src=\"data:image\/svg+xml,%3Csvg%20xmlns%3D&#39;http%3A%2F%2Fwww.w3.org%2F2000%2Fsvg&#39;%20viewBox%3D&#39;0%200%20360%20127&#39;%2F%3E\" data-src=\"https:\/\/www.comaplex-plastique.fr\/wp-content\/uploads\/2024\/02\/Ingeplast-2024-Site.png\" data-srcset=\"https:\/\/www.comaplex-plastique.fr\/wp-content\/uploads\/2024\/02\/Ingeplast-2024-Site.png 360w\" loading=\"eager\" style=\"--ratio: 360 \/ 127\" sizes=\"(max-width: 360px) 100vw, 360px\" width=\"360\" height=\"127\"  data-dt-location=\"https:\/\/www.comaplex-plastique.fr\/es\/accueil-comaplex-usinage-plastique\/ingeplast-2024-site\/\" alt=\"Ingeplast By Comaplex\u00ae Plastiques\" \/><\/a><\/div><\/div><\/div><span id=\"creative-link-wrap-8733\" class=\"ult_main_cl ult-adjust-bottom-margin  \" >\n\t \t\t\t<span class=\"  ult_crlink\" >\n\t\t\t\t\t<a  data-ultimate-target='#creative-link-wrap-8733 .ult_colorlink'  data-responsive-json-new='{\"font-size\":\"desktop:26px;\",\"line-height\":\"desktop:32px;\"}'  href=\"javascript:void(0);\"  class=\"ult_colorlink ult-responsive  vc_custom_1709297808901\" style=\"font-family:Open Sans Condensed;font-weight:700; \"  data-textcolor=\"#333333\" data-texthover=\"#ec1c24\"data-style=\"\">\n\t\t\t\t\t\t\n\t\t\t\t\t\t<span data-hover=\"Mecanizado y termoformado de pl\u00e1sticos Ingeplast\u00ae\" style=\"color:#333333;;;\" class=\"ult_btn10_span   \">Mecanizado y termoformado de pl\u00e1sticos Ingeplast\u00ae<\/span>\n\t\t\t\t\t\t\n\t\t\t\t\t<\/a>\n\t\t\t\t<\/span>\n\t\t\t<\/span>[vc_column_text css=\u00bb.vc_custom_1711091165410{margin-top: -40px !important;}\u00bb]Especializaci\u00f3n en todas las t\u00e9cnicas de mecanizado de pl\u00e1sticos personalizadas[\/vc_column_text][\/vc_column][vc_column width=\u00bb1\/4&#8243;]<style type=\"text\/css\" data-type=\"the7_shortcodes-inline-css\">.shortcode-single-image-wrap.shortcode-single-image-cc30c77d7b54db6fa3767e6c6bafdcf2.enable-bg-rollover .rollover i,\n.shortcode-single-image-wrap.shortcode-single-image-cc30c77d7b54db6fa3767e6c6bafdcf2.enable-bg-rollover .rollover-video i {\n  background: -webkit-linear-gradient();\n  background: linear-gradient();\n}\n.shortcode-single-image-wrap.shortcode-single-image-cc30c77d7b54db6fa3767e6c6bafdcf2 .rollover-icon {\n  font-size: 32px;\n  color: #ffffff;\n  min-width: 44px;\n  min-height: 44px;\n  line-height: 44px;\n  border-radius: 100px;\n  border-style: solid;\n  border-width: 0px;\n}\n.dt-icon-bg-on.shortcode-single-image-wrap.shortcode-single-image-cc30c77d7b54db6fa3767e6c6bafdcf2 .rollover-icon {\n  background: rgba(255,255,255,0.3);\n  box-shadow: none;\n}<\/style><div class=\"shortcode-single-image-wrap shortcode-single-image-cc30c77d7b54db6fa3767e6c6bafdcf2 alignnone zoomInUp animate-element  vc_custom_1711107371806 disable-bg-rollover dt-icon-bg-off\"  data-pretty-share=\"facebook,twitter,pinterest,linkedin,whatsapp\"><div class=\"shortcode-single-image\"><div class=\"fancy-media-wrap\" style=\"\"><a href=\"https:\/\/www.saip-cuves-plastiques.fr\" class=\" layzr-bg rollover\" style=\"\" target=\"_blank\" rel=\"noopener\" aria-label=\"Image\"><img decoding=\"async\" class=\"preload-me lazy-load aspect\" src=\"data:image\/svg+xml,%3Csvg%20xmlns%3D&#39;http%3A%2F%2Fwww.w3.org%2F2000%2Fsvg&#39;%20viewBox%3D&#39;0%200%20360%20127&#39;%2F%3E\" data-src=\"https:\/\/www.comaplex-plastique.fr\/wp-content\/uploads\/2024\/02\/SAIP-2024-Site.png\" data-srcset=\"https:\/\/www.comaplex-plastique.fr\/wp-content\/uploads\/2024\/02\/SAIP-2024-Site.png 360w\" loading=\"eager\" style=\"--ratio: 360 \/ 127\" sizes=\"(max-width: 360px) 100vw, 360px\" width=\"360\" height=\"127\"  data-dt-location=\"https:\/\/www.comaplex-plastique.fr\/es\/accueil-comaplex-usinage-plastique\/saip-2024-site\/\" alt=\"Saip By Comaplex\u00ae Plastiques\" \/><\/a><\/div><\/div><\/div><span id=\"creative-link-wrap-4172\" class=\"ult_main_cl ult-adjust-bottom-margin  \" >\n\t \t\t\t<span class=\"  ult_crlink\" >\n\t\t\t\t\t<a data-ultimate-target=\"#creative-link-wrap-4172 .ult_colorlink\" data-responsive-json-new=\"{&quot;font-size&quot;:&quot;desktop:26px;&quot;,&quot;line-height&quot;:&quot;desktop:32px;&quot;}\" href=\"https:\/\/www.saip-cuves-plastiques.fr\" target=\"_blank\" rel=\"noopener\" class=\"ult_colorlink ult-responsive  vc_custom_1709297838658\" style=\"font-family:Open Sans Condensed;font-weight:700; \" data-textcolor=\"#333333\" data-texthover=\"#ec1c24\" data-style=\"\">\n\t\t\t\t\t\t\n\t\t\t\t\t\t<span data-hover=\"Cisternas de pl\u00e1stico Saip\u00ae\" style=\"color:#333333;;;\" class=\"ult_btn10_span   \">Cisternas de pl\u00e1stico Saip\u00ae<\/span>\n\t\t\t\t\t\t\n\t\t\t\t\t<\/a>\n\t\t\t\t<\/span>\n\t\t\t<\/span>[vc_column_text css=\u00bb.vc_custom_1647960368203{margin-top: -40px !important;}\u00bb]Fabricaci\u00f3n de cisternas de pl\u00e1stico para el tratamiento de aguas, la industria qu\u00edmica, la agricultura, la industria alimentaria y el sector nuclear.[\/vc_column_text][\/vc_column][vc_column width=\u00bb1\/4&#8243;]<style type=\"text\/css\" data-type=\"the7_shortcodes-inline-css\">.shortcode-single-image-wrap.shortcode-single-image-5897a4024202b447243fb04da8dafd05.enable-bg-rollover .rollover i,\n.shortcode-single-image-wrap.shortcode-single-image-5897a4024202b447243fb04da8dafd05.enable-bg-rollover .rollover-video i {\n  background: -webkit-linear-gradient();\n  background: linear-gradient();\n}\n.shortcode-single-image-wrap.shortcode-single-image-5897a4024202b447243fb04da8dafd05 .rollover-icon {\n  font-size: 32px;\n  color: #ffffff;\n  min-width: 44px;\n  min-height: 44px;\n  line-height: 44px;\n  border-radius: 100px;\n  border-style: solid;\n  border-width: 0px;\n}\n.dt-icon-bg-on.shortcode-single-image-wrap.shortcode-single-image-5897a4024202b447243fb04da8dafd05 .rollover-icon {\n  background: rgba(255,255,255,0.3);\n  box-shadow: none;\n}<\/style><div class=\"shortcode-single-image-wrap shortcode-single-image-5897a4024202b447243fb04da8dafd05 alignnone zoomInUp animate-element  vc_custom_1711107418021 disable-bg-rollover dt-icon-bg-off\"  data-pretty-share=\"facebook,twitter,pinterest,linkedin,whatsapp\"><div class=\"shortcode-single-image\"><div class=\"fancy-media-wrap\" style=\"\"><a href=\"https:\/\/www.peignes-tp-resoflex.fr\/\" class=\" layzr-bg rollover\" style=\"\" target=\"_blank\" rel=\"noopener\" aria-label=\"Image\"><img decoding=\"async\" class=\"preload-me lazy-load aspect\" src=\"data:image\/svg+xml,%3Csvg%20xmlns%3D&#39;http%3A%2F%2Fwww.w3.org%2F2000%2Fsvg&#39;%20viewBox%3D&#39;0%200%20360%20127&#39;%2F%3E\" data-src=\"https:\/\/www.comaplex-plastique.fr\/wp-content\/uploads\/2024\/02\/Resoflex-2024-Site.png\" data-srcset=\"https:\/\/www.comaplex-plastique.fr\/wp-content\/uploads\/2024\/02\/Resoflex-2024-Site.png 360w\" loading=\"eager\" style=\"--ratio: 360 \/ 127\" sizes=\"(max-width: 360px) 100vw, 360px\" width=\"360\" height=\"127\"  data-dt-location=\"https:\/\/www.comaplex-plastique.fr\/es\/accueil-comaplex-usinage-plastique\/resoflex-2024-site\/\" alt=\"Resoflex By Comaplex\u00ae Plastiques\" \/><\/a><\/div><\/div><\/div><span id=\"creative-link-wrap-3098\" class=\"ult_main_cl ult-adjust-bottom-margin  \" >\n\t \t\t\t<span class=\"  ult_crlink\" >\n\t\t\t\t\t<a data-ultimate-target=\"#creative-link-wrap-3098 .ult_colorlink\" data-responsive-json-new=\"{&quot;font-size&quot;:&quot;desktop:26px;&quot;,&quot;line-height&quot;:&quot;desktop:32px;&quot;}\" href=\"https:\/\/www.peignes-tp-resoflex.fr\" target=\"_blank\" rel=\"noopener\" class=\"ult_colorlink ult-responsive  vc_custom_1709297758340\" style=\"font-family:Open Sans Condensed;font-weight:700; \" data-textcolor=\"#333333\" data-texthover=\"#ec1c24\" data-style=\"\">\n\t\t\t\t\t\t\n\t\t\t\t\t\t<span data-hover=\"Mascarillas y separadores Resoflex\u00ae\" style=\"color:#333333;;;\" class=\"ult_btn10_span   \">Mascarillas y separadores Resoflex\u00ae<\/span>\n\t\t\t\t\t\t\n\t\t\t\t\t<\/a>\n\t\t\t\t<\/span>\n\t\t\t<\/span>[vc_column_text css=\u00bb.vc_custom_1553097312386{margin-top: -40px !important;}\u00bb]Fabricante franc\u00e9s de separadores y peines distanciadores de pl\u00e1stico para la instalaci\u00f3n de redes multitubulares subterr\u00e1neas en seco.[\/vc_column_text][\/vc_column][\/vc_row].<\/p>\n<\/div>","protected":false},"excerpt":{"rendered":"<p>.[vc_row type=\u00bbvc_default\u00bb css=\u00bb.vc_custom_1498212582492{padding-bottom: 20px !important;}\u00bb][vc_column width=\u00bb1\/3&#8243; css=\u00bb.vc_custom_1498211177630{padding-bottom: 50px !important;}\u00bb][vc_column_text css=\u00bb.vc_custom_1711108936215{margin-top: -40px !important;}\u00bb] De la idea a la pieza, un \u00fanico socio: Fabricaci\u00f3n de piezas mec\u00e1nicas termopl\u00e1sticas, mobiliario de laboratorio y centros de investigaci\u00f3n&#8230; [\/vc_column_text][\/vc_column][vc_column width=\u00bb1\/3&#8243; css=\u00bb.vc_custom_1498211173058{padding-bottom: 50px !important;}\u00bb][vc_column_text css=\u00bb.vc_custom_1553598890366{margin-top: -40px !important;}\u00bb] Dise\u00f1o y producci\u00f3n de soluciones industriales termopl\u00e1sticas personalizadas, estructuras de chapa de pl\u00e1stico, pilotos&hellip;<\/p>\n","protected":false},"author":1,"featured_media":0,"parent":0,"menu_order":300,"comment_status":"closed","ping_status":"closed","template":"","meta":{"cybocfi_hide_featured_image":"","footnotes":""},"class_list":["post-10175","page","type-page","status-publish","hentry","description-off"],"_links":{"self":[{"href":"https:\/\/www.comaplex-plastique.fr\/es\/wp-json\/wp\/v2\/pages\/10175","targetHints":{"allow":["GET"]}}],"collection":[{"href":"https:\/\/www.comaplex-plastique.fr\/es\/wp-json\/wp\/v2\/pages"}],"about":[{"href":"https:\/\/www.comaplex-plastique.fr\/es\/wp-json\/wp\/v2\/types\/page"}],"author":[{"embeddable":true,"href":"https:\/\/www.comaplex-plastique.fr\/es\/wp-json\/wp\/v2\/users\/1"}],"replies":[{"embeddable":true,"href":"https:\/\/www.comaplex-plastique.fr\/es\/wp-json\/wp\/v2\/comments?post=10175"}],"version-history":[{"count":0,"href":"https:\/\/www.comaplex-plastique.fr\/es\/wp-json\/wp\/v2\/pages\/10175\/revisions"}],"wp:attachment":[{"href":"https:\/\/www.comaplex-plastique.fr\/es\/wp-json\/wp\/v2\/media?parent=10175"}],"curies":[{"name":"wp","href":"https:\/\/api.w.org\/{rel}","templated":true}]}}